{"id":2875,"date":"2016-02-18T12:06:37","date_gmt":"2016-02-18T11:06:37","guid":{"rendered":"http:\/\/ibu-epd.com\/en\/?page_id=2875"},"modified":"2018-07-16T10:21:14","modified_gmt":"2018-07-16T08:21:14","slug":"tuev-rheinland","status":"publish","type":"page","link":"https:\/\/ibu-epd.com\/en\/cooperations\/tuev-rheinland\/","title":{"rendered":"T\u00dcV Rheinland"},"content":{"rendered":"<h2>T\u00dcV Rheinland<\/h2>\n<p><span style=\"text-decoration: underline\">Address<a href=\"http:\/\/ibu-epd.com\/wp-content\/uploads\/2015\/12\/T\u00dcV-Rheinland.jpg\"><img decoding=\"async\" class=\"size-full wp-image-1030 alignright\" src=\"http:\/\/ibu-epd.com\/wp-content\/uploads\/2015\/12\/T\u00dcV-Rheinland.jpg\" alt=\"T\u00dcV Rheinland\" width=\"278\" height=\"181\"><\/a><\/span><br \/>\nAm Grauen Stein 29<br \/>\n51105 K\u00f6ln<\/p>\n<p><span style=\"text-decoration: underline\">Contact<br \/>\n<\/span>Susanne Jorre<br \/>\nMobile: +49 221-806 4501<br \/>\nFax: +49 221 806 3440<br \/>\n<a href=\"mailto:Dominik.Mueller@de.tuv.com\" target=\"_blank\" rel=\"noopener\">susanne.jorre@de.tuv.com<\/a><br \/>\n<a href=\"http:\/\/www.tuv.com\/de\/deutschland\/home.jsp\">www.tuv.com\/de\/deutschland\/home.jsp<\/a><\/p>\n","protected":false},"excerpt":{"rendered":"<p>T\u00dcV Rheinland Address Am Grauen Stein 29 51105 K\u00f6ln Contact Susanne Jorre Mobile: +49 221-806 4501 Fax: +49 221 806 3440 susanne.jorre@de.tuv.com www.tuv.com\/de\/deutschland\/home.jsp<\/p>\n","protected":false},"author":3,"featured_media":0,"parent":12616,"menu_order":0,"comment_status":"closed","ping_status":"closed","template":"","meta":{"_bbp_topic_count":0,"_bbp_reply_count":0,"_bbp_total_topic_count":0,"_bbp_total_reply_count":0,"_bbp_voice_count":0,"_bbp_anonymous_reply_count":0,"_bbp_topic_count_hidden":0,"_bbp_reply_count_hidden":0,"_bbp_forum_subforum_count":0,"ngg_post_thumbnail":0,"footnotes":""},"class_list":["post-2875","page","type-page","status-publish","hentry"],"yoast_head":"<!-- This site is optimized with the Yoast SEO plugin v27.4 - https:\/\/yoast.com\/product\/yoast-seo-wordpress\/ -->\n<title>T\u00dcV Rheinland | Institut Bauen und Umwelt e.V.<\/title>\n<meta name=\"description\" content=\"T\u00dcV Rheinland Address Am Grauen Stein 29, 51105 K\u00f6ln. Contact Dominik M\u00fcller, Mobil: +49 172 244 0835, Fax: +49 221 806 3440\" \/>\n<meta name=\"robots\" content=\"index, follow, max-snippet:-1, max-image-preview:large, max-video-preview:-1\" \/>\n<link rel=\"canonical\" href=\"https:\/\/ibu-epd.com\/en\/cooperations\/tuev-rheinland\/\" \/>\n<meta property=\"og:locale\" content=\"en_US\" \/>\n<meta property=\"og:type\" content=\"article\" \/>\n<meta property=\"og:title\" content=\"T\u00dcV Rheinland | Institut Bauen und Umwelt e.V.\" \/>\n<meta property=\"og:description\" content=\"T\u00dcV Rheinland Address Am Grauen Stein 29, 51105 K\u00f6ln. Contact Dominik M\u00fcller, Mobil: +49 172 244 0835, Fax: +49 221 806 3440\" \/>\n<meta property=\"og:url\" content=\"https:\/\/ibu-epd.com\/en\/cooperations\/tuev-rheinland\/\" \/>\n<meta property=\"og:site_name\" content=\"Institut Bauen und Umwelt e.V.\" \/>\n<meta property=\"article:modified_time\" content=\"2018-07-16T08:21:14+00:00\" \/>\n<meta name=\"twitter:card\" content=\"summary_large_image\" \/>\n<meta name=\"twitter:site\" content=\"@IBU_EPD\" \/>\n<script type=\"application\/ld+json\" class=\"yoast-schema-graph\">{\"@context\":\"https:\\\/\\\/schema.org\",\"@graph\":[{\"@type\":\"WebPage\",\"@id\":\"https:\\\/\\\/ibu-epd.com\\\/en\\\/cooperations\\\/tuev-rheinland\\\/\",\"url\":\"https:\\\/\\\/ibu-epd.com\\\/en\\\/cooperations\\\/tuev-rheinland\\\/\",\"name\":\"T\u00dcV Rheinland | Institut Bauen und Umwelt e.V.\",\"isPartOf\":{\"@id\":\"https:\\\/\\\/ibu-epd.com\\\/en\\\/#website\"},\"datePublished\":\"2016-02-18T11:06:37+00:00\",\"dateModified\":\"2018-07-16T08:21:14+00:00\",\"description\":\"T\u00dcV Rheinland Address Am Grauen Stein 29, 51105 K\u00f6ln. Contact Dominik M\u00fcller, Mobil: +49 172 244 0835, Fax: +49 221 806 3440\",\"breadcrumb\":{\"@id\":\"https:\\\/\\\/ibu-epd.com\\\/en\\\/cooperations\\\/tuev-rheinland\\\/#breadcrumb\"},\"inLanguage\":\"en-US\",\"potentialAction\":[{\"@type\":\"ReadAction\",\"target\":[\"https:\\\/\\\/ibu-epd.com\\\/en\\\/cooperations\\\/tuev-rheinland\\\/\"]}]},{\"@type\":\"BreadcrumbList\",\"@id\":\"https:\\\/\\\/ibu-epd.com\\\/en\\\/cooperations\\\/tuev-rheinland\\\/#breadcrumb\",\"itemListElement\":[{\"@type\":\"ListItem\",\"position\":1,\"name\":\"Home\",\"item\":\"https:\\\/\\\/ibu-epd.com\\\/en\\\/\"},{\"@type\":\"ListItem\",\"position\":2,\"name\":\"Cooperations\",\"item\":\"https:\\\/\\\/ibu-epd.com\\\/en\\\/cooperations\\\/\"},{\"@type\":\"ListItem\",\"position\":3,\"name\":\"T\u00dcV Rheinland\"}]},{\"@type\":\"WebSite\",\"@id\":\"https:\\\/\\\/ibu-epd.com\\\/en\\\/#website\",\"url\":\"https:\\\/\\\/ibu-epd.com\\\/en\\\/\",\"name\":\"IBU - Institut Bauen und Umwelt e.V.\",\"description\":\"Das Detail im Fokus. Das ganze im Blick.\",\"publisher\":{\"@id\":\"https:\\\/\\\/ibu-epd.com\\\/en\\\/#organization\"},\"potentialAction\":[{\"@type\":\"SearchAction\",\"target\":{\"@type\":\"EntryPoint\",\"urlTemplate\":\"https:\\\/\\\/ibu-epd.com\\\/en\\\/?s={search_term_string}\"},\"query-input\":{\"@type\":\"PropertyValueSpecification\",\"valueRequired\":true,\"valueName\":\"search_term_string\"}}],\"inLanguage\":\"en-US\"},{\"@type\":\"Organization\",\"@id\":\"https:\\\/\\\/ibu-epd.com\\\/en\\\/#organization\",\"name\":\"Institut Bauen und Umwelt e.V.\",\"url\":\"https:\\\/\\\/ibu-epd.com\\\/en\\\/\",\"logo\":{\"@type\":\"ImageObject\",\"inLanguage\":\"en-US\",\"@id\":\"https:\\\/\\\/ibu-epd.com\\\/en\\\/#\\\/schema\\\/logo\\\/image\\\/\",\"url\":\"https:\\\/\\\/ibu-epd.com\\\/wp-content\\\/uploads\\\/2016\\\/01\\\/ibu_logo_rgb_outline-weiss-retina.png\",\"contentUrl\":\"https:\\\/\\\/ibu-epd.com\\\/wp-content\\\/uploads\\\/2016\\\/01\\\/ibu_logo_rgb_outline-weiss-retina.png\",\"width\":250,\"height\":281,\"caption\":\"Institut Bauen und Umwelt e.V.\"},\"image\":{\"@id\":\"https:\\\/\\\/ibu-epd.com\\\/en\\\/#\\\/schema\\\/logo\\\/image\\\/\"},\"sameAs\":[\"https:\\\/\\\/x.com\\\/IBU_EPD\"]}]}<\/script>\n<!-- \/ Yoast SEO plugin. -->","yoast_head_json":{"title":"T\u00dcV Rheinland | Institut Bauen und Umwelt e.V.","description":"T\u00dcV Rheinland Address Am Grauen Stein 29, 51105 K\u00f6ln. Contact Dominik M\u00fcller, Mobil: +49 172 244 0835, Fax: +49 221 806 3440","robots":{"index":"index","follow":"follow","max-snippet":"max-snippet:-1","max-image-preview":"max-image-preview:large","max-video-preview":"max-video-preview:-1"},"canonical":"https:\/\/ibu-epd.com\/en\/cooperations\/tuev-rheinland\/","og_locale":"en_US","og_type":"article","og_title":"T\u00dcV Rheinland | Institut Bauen und Umwelt e.V.","og_description":"T\u00dcV Rheinland Address Am Grauen Stein 29, 51105 K\u00f6ln. Contact Dominik M\u00fcller, Mobil: +49 172 244 0835, Fax: +49 221 806 3440","og_url":"https:\/\/ibu-epd.com\/en\/cooperations\/tuev-rheinland\/","og_site_name":"Institut Bauen und Umwelt e.V.","article_modified_time":"2018-07-16T08:21:14+00:00","twitter_card":"summary_large_image","twitter_site":"@IBU_EPD","schema":{"@context":"https:\/\/schema.org","@graph":[{"@type":"WebPage","@id":"https:\/\/ibu-epd.com\/en\/cooperations\/tuev-rheinland\/","url":"https:\/\/ibu-epd.com\/en\/cooperations\/tuev-rheinland\/","name":"T\u00dcV Rheinland | Institut Bauen und Umwelt e.V.","isPartOf":{"@id":"https:\/\/ibu-epd.com\/en\/#website"},"datePublished":"2016-02-18T11:06:37+00:00","dateModified":"2018-07-16T08:21:14+00:00","description":"T\u00dcV Rheinland Address Am Grauen Stein 29, 51105 K\u00f6ln. Contact Dominik M\u00fcller, Mobil: +49 172 244 0835, Fax: +49 221 806 3440","breadcrumb":{"@id":"https:\/\/ibu-epd.com\/en\/cooperations\/tuev-rheinland\/#breadcrumb"},"inLanguage":"en-US","potentialAction":[{"@type":"ReadAction","target":["https:\/\/ibu-epd.com\/en\/cooperations\/tuev-rheinland\/"]}]},{"@type":"BreadcrumbList","@id":"https:\/\/ibu-epd.com\/en\/cooperations\/tuev-rheinland\/#breadcrumb","itemListElement":[{"@type":"ListItem","position":1,"name":"Home","item":"https:\/\/ibu-epd.com\/en\/"},{"@type":"ListItem","position":2,"name":"Cooperations","item":"https:\/\/ibu-epd.com\/en\/cooperations\/"},{"@type":"ListItem","position":3,"name":"T\u00dcV Rheinland"}]},{"@type":"WebSite","@id":"https:\/\/ibu-epd.com\/en\/#website","url":"https:\/\/ibu-epd.com\/en\/","name":"IBU - Institut Bauen und Umwelt e.V.","description":"Das Detail im Fokus. Das ganze im Blick.","publisher":{"@id":"https:\/\/ibu-epd.com\/en\/#organization"},"potentialAction":[{"@type":"SearchAction","target":{"@type":"EntryPoint","urlTemplate":"https:\/\/ibu-epd.com\/en\/?s={search_term_string}"},"query-input":{"@type":"PropertyValueSpecification","valueRequired":true,"valueName":"search_term_string"}}],"inLanguage":"en-US"},{"@type":"Organization","@id":"https:\/\/ibu-epd.com\/en\/#organization","name":"Institut Bauen und Umwelt e.V.","url":"https:\/\/ibu-epd.com\/en\/","logo":{"@type":"ImageObject","inLanguage":"en-US","@id":"https:\/\/ibu-epd.com\/en\/#\/schema\/logo\/image\/","url":"https:\/\/ibu-epd.com\/wp-content\/uploads\/2016\/01\/ibu_logo_rgb_outline-weiss-retina.png","contentUrl":"https:\/\/ibu-epd.com\/wp-content\/uploads\/2016\/01\/ibu_logo_rgb_outline-weiss-retina.png","width":250,"height":281,"caption":"Institut Bauen und Umwelt e.V."},"image":{"@id":"https:\/\/ibu-epd.com\/en\/#\/schema\/logo\/image\/"},"sameAs":["https:\/\/x.com\/IBU_EPD"]}]}},"_links":{"self":[{"href":"https:\/\/ibu-epd.com\/en\/wp-json\/wp\/v2\/pages\/2875","targetHints":{"allow":["GET"]}}],"collection":[{"href":"https:\/\/ibu-epd.com\/en\/wp-json\/wp\/v2\/pages"}],"about":[{"href":"https:\/\/ibu-epd.com\/en\/wp-json\/wp\/v2\/types\/page"}],"author":[{"embeddable":true,"href":"https:\/\/ibu-epd.com\/en\/wp-json\/wp\/v2\/users\/3"}],"replies":[{"embeddable":true,"href":"https:\/\/ibu-epd.com\/en\/wp-json\/wp\/v2\/comments?post=2875"}],"version-history":[{"count":0,"href":"https:\/\/ibu-epd.com\/en\/wp-json\/wp\/v2\/pages\/2875\/revisions"}],"up":[{"embeddable":true,"href":"https:\/\/ibu-epd.com\/en\/wp-json\/wp\/v2\/pages\/12616"}],"wp:attachment":[{"href":"https:\/\/ibu-epd.com\/en\/wp-json\/wp\/v2\/media?parent=2875"}],"curies":[{"name":"wp","href":"https:\/\/api.w.org\/{rel}","templated":true}]}}